{"id":126,"date":"2025-01-19T20:39:02","date_gmt":"2025-01-19T19:39:02","guid":{"rendered":"https:\/\/home.blmvhsw.de\/?page_id=126"},"modified":"2025-03-29T17:53:56","modified_gmt":"2025-03-29T16:53:56","slug":"termine","status":"publish","type":"page","link":"https:\/\/www.blmvhsw.de\/termine\/","title":{"rendered":"Termine"},"content":{"rendered":"\n    <div class=\"responsive-table\">\n                    <div class=\"responsive-item\">\n                <div class=\"responsive-table\">\n                    <div class=\"image-container\">\n                                            <\/div>\n                    <div>\n                        <h4>09.05.2026-19:00 Uhr<br>Stadtmusik L\u00f6ffingen<\/h4> \n                        <h5>Konzert zum Muttertag<\/h5>  \n                           \n                         <div style=\"overflow:hidden; white-space:wrap; text-overflow:ellipsis;\">\n                    Konzert zum Muttertag                        <p>\n                            Festhalle L\u00f6ffingen<br>\n                            L\u00f6ffingen                        <\/div>\n                    <\/div>\n                <\/div>\n                \n            <\/div>\n            \n                    <div class=\"responsive-item\">\n                <div class=\"responsive-table\">\n                    <div class=\"image-container\">\n                                            <\/div>\n                    <div>\n                        <h4>26.06.2026-19:00 Uhr<br>Musikverein Reiselfingen<\/h4> \n                        <h5>offene Musikprobe<\/h5>  \n                           \n                         <div style=\"overflow:hidden; white-space:wrap; text-overflow:ellipsis;\">\n                    In gem\u00fctlicher Atmosph\u00e4re freut sich der Musikverein Reiselfingen die Besucher im Kurpark in Reiselfingen zu unterhalten. F\u00fcr Essen und Getr\u00e4nke ist gesorgt. Die Veranstaltung findet nur bei guter Witterung statt.                        <p>\n                            Kurpark Reiselfingen<br>\n                            M\u00fchlezielstra\u00dfe, 79843 L\u00f6ffingen-Reiselfingen                        <\/div>\n                    <\/div>\n                <\/div>\n                \n            <\/div>\n            \n                    <div class=\"responsive-item\">\n                <div class=\"responsive-table\">\n                    <div class=\"image-container\">\n                        <img src='https:\/\/www.blmvhsw.de\/wp-content\/uploads\/termine\/393.png' width='200px' height='auto'><br>                    <\/div>\n                    <div>\n                        <h4>10.07.2026<br>Musikverein Urach<\/h4> \n                        <h5>125 Jahre MV Urach - 125 Jahre \"In Blasmusik vereint!\"<\/h5>  \n                           \n                         <div style=\"overflow:hidden; white-space:wrap; text-overflow:ellipsis;\">\n                    Wir, der Musikverein Urach, feiern dieses Jahr unser 125-j\u00e4hriges Vereinsjubil\u00e4um ganz unter dem Motto \u201eIn Blasmusik vereint\u201c. Es erwarten euch 4 Tage voller Blasmusik, guter Laune und geselligem Beisammensein, abwechslungsreichem Programm sowie kulinarischen K\u00f6stlichkeiten f\u00fcr Jung und Alt. Freitag, den 10.07.2026 Blosmusik ohne End \u2013 von Polka bis Party! 17:30 Uhr: Einlass 18:30 Uhr: Blechbandi 20:30 Uhr: Die Fexer 22:00 Uhr: Musikatzen Samstag, den 11.07.2026 Dirndl- & Lederhosen-Party 18:30 Uhr: Einlass 19:30 Uhr: Breg Brass Buebe 21:30 Uhr: ILLERTALER Sonntag, den 12.07.2026 Fr\u00fchschoppen & Festumzug 11:30 Uhr: Fr\u00fchschoppen mit unserer Patenkapelle Stadtkapelle V\u00f6hrenbach e.V. 14:00 Uhr: Gro\u00dfer Festumzug 16:00 Uhr: 5er Blech Montag, den 13.07.2026 Handwerker-Hock 16:00 Uhr: Beginn 16:30 Uhr: Die 4 luschdige 3 & Band 19:00 Uhr: BaarBlech Tickets sind unter folgendem Link erh\u00e4ltlich: https:\/\/musikverein-urach.de\/ticketshop\/ Wir w\u00fcrden uns freuen, wenn ihr gemeinsam mit uns ein tolles und unvergessliches Jubil\u00e4um feiert - Wir freuen uns auch Euch!                        <p>\n                            S\u00e4genhoflift Urach<br>\n                            Urachtalstra\u00dfe 44, 78147 V\u00f6hrenbach<br><a href='https:\/\/musikverein-urach.de\/ticketshop\/' target='_blank'>https:\/\/musikverein-urach.de\/ticketshop\/<\/a>                        <\/div>\n                    <\/div>\n                <\/div>\n                \n            <\/div>\n            \n                    <div class=\"responsive-item\">\n                <div class=\"responsive-table\">\n                    <div class=\"image-container\">\n                                            <\/div>\n                    <div>\n                        <h4>10.07.2026-18:00 Uhr<br>Musikverein Urach<\/h4> \n                        <h5>Jubil\u00e4um - 125 Jahre Musikverein Urach<\/h5>  \n                           \n                         <div style=\"overflow:hidden; white-space:wrap; text-overflow:ellipsis;\">\n                    Jubil\u00e4ums-Wochenende 125 Jahre Musikverein Urach vom 10.07. - 13.07.2026!<br \/>\r\nWeitere Infos folgen...                        <p>\n                            Urach S\u00e4genhoflift<br>\n                                                    <\/div>\n                    <\/div>\n                <\/div>\n                \n            <\/div>\n            \n                    <div class=\"responsive-item\">\n                <div class=\"responsive-table\">\n                    <div class=\"image-container\">\n                                            <\/div>\n                    <div>\n                        <h4>26.09.2026-16:00 Uhr<br>Musikverein Reiselfingen<\/h4> \n                        <h5>Herdepfelhock<\/h5>  \n                           \n                         <div style=\"overflow:hidden; white-space:wrap; text-overflow:ellipsis;\">\n                    Am Samstag, 26. September 2026 findet im Rahmen des Hochschwarzw\u00e4lder Blosmusik Feschtivals der Herdepfelhock in der Dietfurthalle in Reiselfingen statt. Los geht\u00b4s um 16.00 Uhr. Freuen Sie sich auf musikalische Unterhaltung, eine leckere Speisekarte rund um den Herdepfel sowie Kaffee und Kuchen. Nat\u00fcrlich k\u00f6nnen die frisch geernteten Herdepfel vor Ort erworben werden.                        <p>\n                            Dietfurthalle Reiselfingen<br>\n                            Bad-Boll-Stra\u00dfe 2, 79843 L\u00f6ffingen                        <\/div>\n                    <\/div>\n                <\/div>\n                \n            <\/div>\n            \n                    <div class=\"responsive-item\">\n                <div class=\"responsive-table\">\n                    <div class=\"image-container\">\n                                            <\/div>\n                    <div>\n                        <h4>25.12.2026-20:00 Uhr<br>Musikverein Reiselfingen<\/h4> \n                        <h5>Weihnachtskonzert<\/h5>  \n                           \n                         <div style=\"overflow:hidden; white-space:wrap; text-overflow:ellipsis;\">\n                    Unter der Leitung von Rolf Riedlinger geben die Musikerinnen und Musiker ihr Bestes und bieten den Zuh\u00f6rern ein abwechslungsreiches Programm. Der Musikverein Reiselfingen freut sich die G\u00e4ste in der weihnachtlich geschm\u00fcckten Dietfurthalle begr\u00fc\u00dfen zu d\u00fcrfen. Einlass: 19.00 Uhr Eintritt: Spenden                        <p>\n                            Dietfurthalle Reiselfingen<br>\n                            Bad-Boll-Stra\u00dfe 2, 79843 L\u00f6ffingen-Reiselfingen                        <\/div>\n                    <\/div>\n                <\/div>\n                \n            <\/div>\n            \n                    <div class=\"responsive-item\">\n                <div class=\"responsive-table\">\n                    <div class=\"image-container\">\n                                            <\/div>\n                    <div>\n                        <h4>09.07.2027- Uhr<br>Musikverein Hammereisenbach<\/h4> \n                        <h5>100 Jahre Musikverein und 25 Jahre Bl\u00e4serjugend<\/h5>  \n                           \n                         <div style=\"overflow:hidden; white-space:wrap; text-overflow:ellipsis;\">\n                    Vom 09.07.-12.07.2027 feiern wir 100 Jahre Musikverein und 25 Jahre Bl\u00e4serjugend Hammereisenbach <br \/>\r\n<br \/>\r\n                        <p>\n                            <br>\n                                                    <\/div>\n                    <\/div>\n                <\/div>\n                \n            <\/div>\n            \n            <\/div>\n    <p>\n    \n","protected":false},"excerpt":{"rendered":"","protected":false},"author":1,"featured_media":0,"parent":0,"menu_order":0,"comment_status":"closed","ping_status":"closed","template":"page-templates\/full-width-builder-bb.php","meta":{"og_title":"","og_description":"","og_image":"","og_override_image":false,"inspiro_hide_title":false,"footnotes":""},"class_list":["post-126","page","type-page","status-publish","hentry"],"_links":{"self":[{"href":"https:\/\/www.blmvhsw.de\/blmvhsw_extern_api\/wp\/v2\/pages\/126","targetHints":{"allow":["GET"]}}],"collection":[{"href":"https:\/\/www.blmvhsw.de\/blmvhsw_extern_api\/wp\/v2\/pages"}],"about":[{"href":"https:\/\/www.blmvhsw.de\/blmvhsw_extern_api\/wp\/v2\/types\/page"}],"author":[{"embeddable":true,"href":"https:\/\/www.blmvhsw.de\/blmvhsw_extern_api\/wp\/v2\/users\/1"}],"replies":[{"embeddable":true,"href":"https:\/\/www.blmvhsw.de\/blmvhsw_extern_api\/wp\/v2\/comments?post=126"}],"version-history":[{"count":7,"href":"https:\/\/www.blmvhsw.de\/blmvhsw_extern_api\/wp\/v2\/pages\/126\/revisions"}],"predecessor-version":[{"id":15388,"href":"https:\/\/www.blmvhsw.de\/blmvhsw_extern_api\/wp\/v2\/pages\/126\/revisions\/15388"}],"wp:attachment":[{"href":"https:\/\/www.blmvhsw.de\/blmvhsw_extern_api\/wp\/v2\/media?parent=126"}],"curies":[{"name":"wp","href":"https:\/\/api.w.org\/{rel}","templated":true}]}}